{"id":17,"date":"2015-04-23T08:40:14","date_gmt":"2015-04-23T08:40:14","guid":{"rendered":"http:\/\/rac-ciencias.org\/wp\/?page_id=17"},"modified":"2026-03-14T17:40:48","modified_gmt":"2026-03-14T17:40:48","slug":"academicos-anteriores","status":"publish","type":"page","link":"http:\/\/rac-ciencias.org\/wp\/?page_id=17","title":{"rendered":"Todos los Acad\u00e9micos, desde 1987"},"content":{"rendered":"<p lang=\"es-ES\"><span style=\"font-size: large;\"><u><b>Secci\u00f3n de Qu\u00edmica<\/b><\/u><\/span><\/p>\n<p lang=\"es-ES\"><span style=\"font-size: large;\">Dr. D. Jos\u00e9 Bret\u00f3n Funes (+)<\/span><\/p>\n<p lang=\"es-ES\"><span style=\"font-size: large;\">Dr. D. Francisco Garc\u00eda Montelongo \/ Fundador<\/span><\/p>\n<p><span style=\"font-size: large;\"><span lang=\"es-ES\">Dr. D. Juan Ortega Saavedra<\/span><\/span><\/p>\n<p lang=\"es-ES\"><span style=\"font-size: large;\">Dr. D. Alfredo Mederos P\u00e9rez (+)<\/span><\/p>\n<p lang=\"es-ES\"><span style=\"font-size: large;\">Dr. D. V\u00edctor Sotero Mart\u00edn Garc\u00eda<\/span><\/p>\n<p lang=\"es-ES\"><span style=\"font-size: large;\">Dr. D. Sebasti\u00e1n Delgado D\u00edaz<\/span><\/p>\n<p><span style=\"font-size: large;\"><span lang=\"es-ES\">Dr. D. \u00c1ngel Guti\u00e9rrez Ravelo<\/span><\/span><\/p>\n<p lang=\"es-ES\"><span style=\"font-size: large;\">Dr. D. Jorge Fuentes Duchem\u00edn \/ Fundador \u00a0(+)<br \/>\n<\/span><\/p>\n<p lang=\"es-ES\"><span style=\"font-size: large;\">Dr. D. Federico D\u00edaz Rodr\u00edguez (+)<\/span><\/p>\n<p lang=\"es-ES\"><span style=\"font-size: large;\">Dr. D. Antonio Gonz\u00e1lez Gonz\u00e1lez \/ de Honor (+)<\/span><\/p>\n<p><span style=\"font-size: large;\"><span lang=\"es-ES\">Dr. D. Agust\u00edn Ar\u00e9valo Medina \/ Fundador (+)<\/span><\/span><\/p>\n<p><span style=\"font-size: large;\"><span lang=\"es-ES\">Dra. D\u00aa Andrea Brito Alay\u00f3n<\/span><\/span><\/p>\n<p><span style=\"font-size: large;\"><span lang=\"es-ES\">Dr. D. Jos\u00e9 Juan Santana Rodr\u00edguez<\/span><\/span><\/p>\n<p><span style=\"font-size: large;\"><span lang=\"es-ES\">Dr. D. Avelino Corma Can\u00f3s \/ de Honor<\/span><\/span><\/p>\n<p><span style=\"font-size: large;\">Dr. D. Jes\u00fas M. Santamar\u00eda Ramiro<\/span><\/p>\n<p lang=\"es-ES\"><span style=\"font-size: large;\"><u><b>Secci\u00f3n de Biolog\u00eda<\/b><\/u><\/span><\/p>\n<p lang=\"es-ES\"><span style=\"font-size: large;\">Dra D\u00aa Margarita Salas Falgueras \/ de Honor (+)<\/span><\/p>\n<p lang=\"es-ES\"><span style=\"font-size: large;\">Dr. D. Enrique Fern\u00e1ndez Caldas \/ Fundador (+)<\/span><\/p>\n<p lang=\"es-ES\"><span style=\"font-size: large;\">Dr. D. Wolfredo Wildpret de la Torre \/ Fundador (+)<\/span><\/p>\n<p lang=\"es-ES\"><span style=\"font-size: large;\">Dr. D. Juan Jos\u00e9 Bacallado Ar\u00e1nega \/ Fundador<\/span><\/p>\n<p lang=\"es-ES\"><span style=\"font-size: large;\">Dr. D. Angel Guti\u00e9rrez Navarro<\/span><\/p>\n<p><span style=\"font-size: large;\"><span lang=\"es-ES\">Dr. D. Jos\u00e9 Regidor Garc\u00eda<\/span><\/span><\/p>\n<p lang=\"es-ES\"><span style=\"font-size: large;\">Dr. D. Bonifacio D\u00edaz Chico<\/span><\/p>\n<p lang=\"es-ES\"><span style=\"font-size: large;\">Dr. D. Enrique Mel\u00e9ndez Hevia<\/span><\/p>\n<p lang=\"es-ES\"><span style=\"font-size: large;\">Dra. D\u00aa Mar\u00eda Luisa Tejedor Salguero<\/span><\/p>\n<p lang=\"es-ES\"><span style=\"font-size: large;\">Dr. D. Alberto Brito Hern\u00e1ndez<\/span><\/p>\n<p><span style=\"font-size: large;\"><span lang=\"es-ES\"><u><b>\u00a0Secci\u00f3n de Matem\u00e1ticas<\/b><\/u><\/span><\/span><\/p>\n<p lang=\"fr-FR\"><span style=\"font-size: large;\">Dr. D. Jos\u00e9 Manuel M\u00e9ndez P\u00e9rez \/ Fundador<\/span><\/p>\n<p lang=\"es-ES\"><span style=\"font-size: large;\">Dr. D. Carlos Gonz\u00e1lez Mart\u00edn<\/span><\/p>\n<p><span style=\"font-size: large;\"><span lang=\"es-ES\">Dr. D. N\u00e1cere Hayek Calil \/ Fundador\u00a0<\/span><\/span><span style=\"font-size: large;\"><span lang=\"es-ES\">(+)<\/span><\/span><\/p>\n<p lang=\"es-ES\"><span style=\"font-size: large;\">Dr. D. Pablo Gonz\u00e1lez Vera (+)<\/span><\/p>\n<p lang=\"es-ES\"><span style=\"font-size: large;\">Dr. D. Domingo Chinea Miranda<\/span><\/p>\n<p lang=\"es-ES\"><span style=\"font-size: large;\">Dr. D. Jorge J. Betancor P\u00e9rez<\/span><\/p>\n<p lang=\"es-ES\"><span style=\"font-size: large;\">Dr. D. Juan Carlos Marrero Gonz\u00e1lez<\/span><\/p>\n<p><span style=\"font-size: large;\">Dr. D. Jos\u00e9 Miguel Pacheco Castelao<\/span><\/p>\n<p><span style=\"font-size: large;\">Dr. D. Pedro Saavedra Santana<\/span><\/p>\n<p><span style=\"font-size: large;\">Dra. D\u00aa. Margarita Rivero \u00c1lvarez<\/span><\/p>\n<p><b><\/b><span style=\"font-size: large;\"><span lang=\"es-ES\"><u><b>\u00b4Secci\u00f3n de F\u00edsica<\/b><\/u><\/span><\/span><\/p>\n<p lang=\"es-ES\"><span style=\"font-size: large;\">Dr. D. Francisco S\u00e1nchez Mart\u00ednez \/ Fundador (+)<\/span><\/p>\n<p lang=\"es-ES\"><span style=\"font-size: large;\">Dr. D. Roberto Moreno D\u00edaz \/ Fundador (+)<\/span><\/p>\n<p lang=\"es-ES\"><span style=\"font-size: large;\">Dr. D. Francisco Rubio Royo \/ Fundador<\/span><\/p>\n<p lang=\"es-ES\"><span style=\"font-size: large;\">Dr. D. Jos\u00e9 Diego\u00a0 Bret\u00f3n Pe\u00f1a<\/span><\/p>\n<p lang=\"es-ES\"><span style=\"font-size: large;\">Dr. D. Daniel Alonso Ram\u00edrez <\/span><\/p>\n<p lang=\"es-ES\"><span style=\"font-size: large;\">Dra. D\u00aa Carmen Paz Su\u00e1rez Ara\u00fajo<\/span><\/p>\n<p lang=\"es-ES\"><span style=\"font-size: large;\"><u><b>Secci\u00f3n de Ciencias de la Tierra<\/b><\/u><\/span><\/p>\n<p lang=\"es-ES\"><span style=\"font-size: large;\">Dr. D. Teodoro Roca Cort\u00e9s<\/span><\/p>\n<p lang=\"es-ES\"><span style=\"font-size: large;\">Dr. D. Juan Carlos Carracedo G\u00f3mez<\/span><\/p>\n<p lang=\"es-ES\"><span style=\"font-size: large;\">Dr. D. Manuel V\u00e1zquez Abeledo (pas\u00f3 de F\u00edsica a esta Secci\u00f3n)<\/span><\/p>\n<p lang=\"es-ES\"><span style=\"font-size: large;\">Dr. D. Rafael Rebolo L\u00f3pez <\/span><\/p>\n<p lang=\"es-ES\"><span style=\"font-size: large;\">Dr. D. Francisco Jos\u00e9 P\u00e9rez Torrado<\/span><\/p>\n<p><span style=\"font-size: large;\"><span lang=\"es-ES\"><u><b>Acad\u00e9micos Correspondientes<\/b><\/u><\/span><\/span><\/p>\n<p><span style=\"font-size: large;\">Dr. D. Alejandro J. Arv\u00eda (+)<\/span><\/p>\n<p><span style=\"font-size: large;\">Dr. D. Miguel S\u00e1nchez Garc\u00eda \/ Fundador<\/span><\/p>\n<p><span style=\"font-size: large;\">Dr. D. Jes\u00fas Ildefonso D\u00edaz D\u00edaz<\/span><\/p>\n<p><span style=\"font-size: large;\">Dr. D. Amable Li\u00f1\u00e1n Mart\u00ednez (+)<\/span><\/p>\n<p><span style=\"font-size: large;\">Dr. D. Luis Angel Cordero Rego (+)<\/span><\/p>\n<p lang=\"en-GB\"><span style=\"font-size: large;\"><span lang=\"en-GB\">Dr. D. Lieven Vanhecke (+)<\/span><\/span><\/p>\n<p><span style=\"font-size: large;\"><span lang=\"en-GB\">Dr. D. H. M. Srivastava<\/span><\/span><\/p>\n<p><span style=\"font-size: large;\">\u00a0Dr. D. Fernando Camacho Rubio (+)<\/span><\/p>\n<p><span style=\"font-size: large;\">\u00a0Dr. D. Felipe Brito Rodr\u00edguez (+)<\/span><\/p>\n<p><span style=\"font-size: large;\">Dr. D. Franz Pichler<\/span><\/p>\n<p><span style=\"font-size: large;\">Dr. D. Manuel Calvo Pinilla<\/span><\/p>\n<p><span style=\"font-size: large;\">Dr. D. Esteban Ferro Bertolotto<\/span><\/p>\n<p><span style=\"font-size: large;\">Dr. D. Manuel de Le\u00f3n Rodr\u00edguez<\/span><\/p>\n<p><span style=\"font-size: large;\"><span lang=\"es-ES\">Dr. D. Luis Santal\u00f3 Sors (+)<\/span><\/span><\/p>\n<p lang=\"es-ES\"><span style=\"font-size: large;\">Dr. D. Jos\u00e9 Mira Mira (+)<\/span><\/p>\n<p lang=\"es-ES\"><span style=\"font-size: large;\">Dr. D. Julio P\u00e9rez Silva (+)<\/span><\/p>\n<p lang=\"es-ES\"><span style=\"font-size: large;\">Dr. D. \u00a0Manuel Valdivia Ure\u00f1a (+)\u00a0<\/span><\/p>\n<p lang=\"es-ES\"><span style=\"font-size: large;\">Dr. D. Arturo Romero Salvador\u00a0<\/span><\/p>\n<p lang=\"es-ES\"><span style=\"font-size: large;\">Dr. D. Jes\u00fas Santamar\u00eda Ramiro<\/span><\/p>\n<p lang=\"es-ES\"><span style=\"font-size: large;\">Dr. D. Miguel \u00c1ngel Gal\u00e1n Serrano (+)<\/span><\/p>\n<p lang=\"es-ES\"><span style=\"font-size: large;\">Dr. D. Valent\u00edn Troll<\/span><\/p>\n<p lang=\"es-ES\"><span lang=\"es-ES\"><span style=\"font-size: large;\"><u><b>Acad\u00e9micos Colaboradores<\/b><\/u><\/span><\/span><\/p>\n<p lang=\"es-ES\"><span style=\"font-size: large;\">D. Luis Balbuena Castellano<\/span><\/p>\n<p lang=\"es-ES\"><span style=\"font-size: large;\">D. Jos\u00e9 Antonio Mart\u00edn Corujo<\/span><\/p>\n<p lang=\"es-ES\"><span style=\"font-size: large;\">D. Rafael Garc\u00eda Becerra<\/span><\/p>\n<p lang=\"es-ES\"><span style=\"font-size: large;\">D. Francisco Lorenzo Concepci\u00f3n<\/span><\/p>\n<p lang=\"es-ES\"><span style=\"font-size: large;\">D. Juan Carlos Mart\u00ednez Arencibia<\/span><\/p>\n<p lang=\"es-ES\"><span style=\"font-size: large;\">Dr. D. Fernando Hern\u00e1ndez Guarch<\/span><\/p>\n<p lang=\"es-ES\"><span style=\"font-size: large;\">D. Jacinto R. Quevedo Sarmiento<\/span><\/p>\n","protected":false},"excerpt":{"rendered":"<p>Secci\u00f3n de Qu\u00edmica Dr. D. Jos\u00e9 Bret\u00f3n Funes (+) Dr. D. Francisco Garc\u00eda Montelongo \/ Fundador Dr. D. Juan Ortega Saavedra Dr. D. Alfredo Mederos P\u00e9rez (+) Dr. D. V\u00edctor Sotero Mart\u00edn Garc\u00eda Dr. D. Sebasti\u00e1n Delgado D\u00edaz Dr. D. \u00c1ngel Guti\u00e9rrez Ravelo Dr. D. Jorge Fuentes Duchem\u00edn \/ Fundador \u00a0(+) Dr. D. Federico D\u00edaz [&hellip;]<\/p>\n","protected":false},"author":1,"featured_media":0,"parent":0,"menu_order":0,"comment_status":"open","ping_status":"open","template":"","meta":{"footnotes":""},"class_list":["post-17","page","type-page","status-publish","hentry"],"_links":{"self":[{"href":"http:\/\/rac-ciencias.org\/wp\/index.php?rest_route=\/wp\/v2\/pages\/17","targetHints":{"allow":["GET"]}}],"collection":[{"href":"http:\/\/rac-ciencias.org\/wp\/index.php?rest_route=\/wp\/v2\/pages"}],"about":[{"href":"http:\/\/rac-ciencias.org\/wp\/index.php?rest_route=\/wp\/v2\/types\/page"}],"author":[{"embeddable":true,"href":"http:\/\/rac-ciencias.org\/wp\/index.php?rest_route=\/wp\/v2\/users\/1"}],"replies":[{"embeddable":true,"href":"http:\/\/rac-ciencias.org\/wp\/index.php?rest_route=%2Fwp%2Fv2%2Fcomments&post=17"}],"version-history":[{"count":51,"href":"http:\/\/rac-ciencias.org\/wp\/index.php?rest_route=\/wp\/v2\/pages\/17\/revisions"}],"predecessor-version":[{"id":2840,"href":"http:\/\/rac-ciencias.org\/wp\/index.php?rest_route=\/wp\/v2\/pages\/17\/revisions\/2840"}],"wp:attachment":[{"href":"http:\/\/rac-ciencias.org\/wp\/index.php?rest_route=%2Fwp%2Fv2%2Fmedia&parent=17"}],"curies":[{"name":"wp","href":"https:\/\/api.w.org\/{rel}","templated":true}]}}