{"id":264,"date":"2015-06-18T18:18:13","date_gmt":"2015-06-18T17:18:13","guid":{"rendered":"http:\/\/rac-ciencias.org\/wp\/?page_id=264"},"modified":"2023-02-13T18:26:26","modified_gmt":"2023-02-13T18:26:26","slug":"historia","status":"publish","type":"page","link":"http:\/\/rac-ciencias.org\/wp\/?page_id=264","title":{"rendered":"Historia"},"content":{"rendered":"<p align=\"CENTER\"><span style=\"font-family: 'Arial Narrow', sans-serif;\"><span style=\"font-size: large;\"><b>LA REAL ACADEMIA CANARIA DE CIENCIAS<\/b><\/span><\/span><\/p>\n<p align=\"CENTER\"><span style=\"font-family: 'Arial Narrow', sans-serif;\"><span style=\"font-size: large;\"><b>Marco Legal<\/b><\/span><\/span><\/p>\n<p align=\"JUSTIFY\"><span style=\"font-family: 'Arial Narrow', sans-serif;\"><span style=\"font-size: large;\">La <\/span><\/span><span style=\"font-family: 'Arial Narrow', sans-serif;\"><span style=\"font-size: large;\"><b>Academia Canaria de Ciencias <\/b><\/span><\/span><span style=\"font-family: 'Arial Narrow', sans-serif;\"><span style=\"font-size: large;\">fue creada el 24 de abril de 1987 por decreto del Gobierno de Canarias (N\u00ba 65\/1987 de 24 de abril de 1987, BOC n\u00fam. 76, de 12 de junio de 1987), modificado por el Decreto 117\/2013 (BOC n\u00fam. 25, de 31 de diciembre de 2013) de Presidencia del Gobierno, siendo su \u00e1mbito de actuaci\u00f3n toda la Comunidad Aut\u00f3noma. E<\/span><\/span><span style=\"color: #000000;\"><span style=\"font-family: 'Arial Narrow', sans-serif;\"><span style=\"font-size: large;\">s una entidad de derecho p\u00fablico sin \u00e1nimo de lucro, dedicada a la difusi\u00f3n de las Ciencias en sus diferentes ramas. Transcurridos 27 a\u00f1os de su fundaci\u00f3n, el 1 de septiembre de 2014, S. M. el Rey de Espa\u00f1a tuvo a bien conceder el t\u00edtulo de <\/span><\/span><\/span><span style=\"color: #000000;\"><span style=\"font-family: 'Arial Narrow', sans-serif;\"><span style=\"font-size: large;\"><b>Real<\/b><\/span><\/span><\/span><span style=\"color: #000000;\"><span style=\"font-family: 'Arial Narrow', sans-serif;\"><span style=\"font-size: large;\"> a esta Instituci\u00f3n.<\/span><\/span><\/span><\/p>\n<p style=\"text-align: center;\" align=\"JUSTIFY\"><a href=\"https:\/\/laadministracionaldia.inap.es\/noticia.asp?id=1122260\">Estatutos de la RACC, aqu\u00ed<\/a>.<\/p>\n<p align=\"JUSTIFY\"><span style=\"font-family: 'Arial Narrow', sans-serif;\"><span style=\"font-size: large;\">El proyecto inicial se debi\u00f3 a la iniciativa de los Decanos de las Facultades de Matem\u00e1ticas, Qu\u00edmica y Biolog\u00eda de la Universidad de La Laguna, de los del Centro Superior de Ciencias del Mar y Facultad de Inform\u00e1tica de la Universidad Polit\u00e9cnica, hoy Universidad de Las Palmas de Gran Canaria, as\u00ed como de los Decanos de los Colegios Oficiales de Doctores y Licenciados en Filosof\u00eda y Letras y Ciencias, y de Qu\u00edmica de Canarias.<\/span><\/span><\/p>\n<p align=\"JUSTIFY\"><span style=\"font-family: 'Arial Narrow', sans-serif;\"><span style=\"font-size: large;\">Conviene subrayar que la <\/span><\/span><span style=\"font-family: 'Arial Narrow', sans-serif;\"><span style=\"font-size: large;\"><b>RACC<\/b><\/span><\/span><span style=\"font-family: 'Arial Narrow', sans-serif;\"><span style=\"font-size: large;\">, junto con la <\/span><\/span><span style=\"font-family: 'Arial Narrow', sans-serif;\"><span style=\"font-size: large;\"><b>Real<\/b><\/span><\/span> <span style=\"font-family: 'Arial Narrow', sans-serif;\"><span style=\"font-size: large;\"><b>Academia de Medicina de Santa Cruz de Tenerife<\/b><\/span><\/span><span style=\"font-family: 'Arial Narrow', sans-serif;\"><span style=\"font-size: large;\"> y la <\/span><\/span><span style=\"font-family: 'Arial Narrow', sans-serif;\"><span style=\"font-size: large;\"><b>Real<\/b><\/span><\/span> <span style=\"font-family: 'Arial Narrow', sans-serif;\"><span style=\"font-size: large;\"><b>Academia Canaria de Bellas Artes de San Miguel Arc\u00e1ngel<\/b><\/span><\/span><span style=\"font-family: 'Arial Narrow', sans-serif;\"><span style=\"font-size: large;\">, son las tres Reales Academias canarias que est\u00e1n asociadas al <\/span><\/span><span style=\"font-family: 'Arial Narrow', sans-serif;\"><span style=\"font-size: large;\"><b>Instituto de Espa\u00f1a<\/b><\/span><\/span><span style=\"font-family: 'Arial Narrow', sans-serif;\"><span style=\"font-size: large;\">, la nuestra desde el 28 de septiembre de 1989. <\/span><\/span><\/p>\n<p align=\"JUSTIFY\"><span style=\"font-family: 'Arial Narrow', sans-serif;\"><span style=\"font-size: large;\">El emblema de la RACC consiste en una representaci\u00f3n de San Alberto Magno (1206-1280), considerado Patrono de los cient\u00edficos. Recientemente se le ha a\u00f1adido un fondo azul con ilustraciones alusivas a las Ciencias. La misma efigie se halla en la cara de las Medallas Acad\u00e9micas de la <strong>RACC,<\/strong> cuyo cord\u00f3n est\u00e1 trenzado con los colores de la bandera de Canarias, amarillo, azul y blanco.<\/span><\/span><\/p>\n<p style=\"text-align: center;\" align=\"JUSTIFY\"><a href=\"http:\/\/rac-ciencias.org\/wp\/wp-content\/uploads\/2015\/06\/Emblema.jpg\"><img loading=\"lazy\" decoding=\"async\" class=\"alignnone size-full wp-image-265\" src=\"http:\/\/rac-ciencias.org\/wp\/wp-content\/uploads\/2015\/06\/Emblema.jpg\" alt=\"Emblema\" width=\"647\" height=\"334\" srcset=\"http:\/\/rac-ciencias.org\/wp\/wp-content\/uploads\/2015\/06\/Emblema.jpg 647w, http:\/\/rac-ciencias.org\/wp\/wp-content\/uploads\/2015\/06\/Emblema-300x155.jpg 300w\" sizes=\"auto, (max-width: 647px) 100vw, 647px\" \/><\/a><\/p>\n<p align=\"CENTER\"><span style=\"font-family: 'Arial Narrow', sans-serif;\"><span style=\"font-size: large;\"><b>Misi\u00f3n de la Academia<\/b><\/span><\/span><\/p>\n<p align=\"JUSTIFY\"><span style=\"font-family: 'Arial Narrow', sans-serif;\"><span style=\"font-size: large;\">La misi\u00f3n de la <\/span><\/span><span style=\"font-family: 'Arial Narrow', sans-serif;\"><span style=\"font-size: large;\"><b>RACC <\/b><\/span><\/span><span style=\"font-family: 'Arial Narrow', sans-serif;\"><span style=\"font-size: large;\">es fomentar la investigaci\u00f3n cient\u00edfica y, m\u00e1s en general, de la cultura, interesando el apoyo e implicaci\u00f3n de instituciones consolidadas, as\u00ed como de personas de reconocido prestigio dentro y fuera del \u00e1mbito universitario.<\/span><\/span><\/p>\n<p align=\"JUSTIFY\"><span style=\"font-family: 'Arial Narrow', sans-serif;\"><span style=\"font-size: large;\">As\u00ed pues, la <\/span><\/span><span style=\"font-family: 'Arial Narrow', sans-serif;\"><span style=\"font-size: large;\"><b>RACC<\/b><\/span><\/span><span style=\"font-family: 'Arial Narrow', sans-serif;\"><span style=\"font-size: large;\"> se funda con la vocaci\u00f3n decidida de ser punto de referencia de la cultura cient\u00edfica regional, y escaparate para el cultivo, promoci\u00f3n y difusi\u00f3n de la Ciencia, con los objetivos de:<\/span><\/span><\/p>\n<p align=\"JUSTIFY\"><span style=\"font-family: 'Arial Narrow', sans-serif;\"><span style=\"font-size: large;\">-Colaborar en la promoci\u00f3n de un clima social estimulante para la investigaci\u00f3n cient\u00edfica;<\/span><\/span><\/p>\n<p align=\"JUSTIFY\"><span style=\"font-family: 'Arial Narrow', sans-serif;\"><span style=\"font-size: large;\">-Mejorar el v\u00ednculo efectivo entre la comunidad cient\u00edfica, la sociedad y los responsables de programar la actividad cient\u00edfico\/investigadora; y <\/span><\/span><\/p>\n<p align=\"JUSTIFY\"><span style=\"font-family: 'Arial Narrow', sans-serif;\"><span style=\"font-size: large;\">-Participar activamente en el desarrollo de nuevas pol\u00edticas cient\u00edficas, procurando que sus resultados se adec\u00faen a los distintos intereses y necesidades sociales.<\/span><\/span><\/p>\n<p align=\"CENTER\"><span style=\"font-family: 'Arial Narrow', sans-serif;\"><span style=\"font-size: large;\"><b>Financiaci\u00f3n de las actividades de la RACC<\/b><\/span><\/span><\/p>\n<p align=\"JUSTIFY\"><span style=\"font-family: 'Arial Narrow', sans-serif;\"><span style=\"font-size: large;\">Para su funcionamiento la <\/span><\/span><span style=\"font-family: 'Arial Narrow', sans-serif;\"><span style=\"font-size: large;\"><b>RACC<\/b><\/span><\/span><b> <\/b><span style=\"font-family: 'Arial Narrow', sans-serif;\"><span style=\"font-size: large;\">recibe distintas subvenciones de organismos p\u00fablicos y privados. Las cantidades asignadas provienen, fundamentalmente, del Gobierno de Canarias y del Cabildo de Tenerife, si bien estas ayudas se han visto reducidas o incluso desaparecidas en los \u00faltimos a\u00f1os, aleg\u00e1ndose como motivos las sucesivas crisis econ\u00f3micas. Asimismo, conviene recordar las importantes aportaciones que hizo inicialmente Caja General de Ahorros de Canarias (CajaCanarias), ahora parte de la entidad laCaixa.<\/span><\/span><\/p>\n<p align=\"CENTER\"><span style=\"font-family: 'Arial Narrow', sans-serif;\"><span style=\"font-size: large;\"><b>Composici\u00f3n y organizaci\u00f3n de la RACC<\/b><\/span><\/span><\/p>\n<p align=\"JUSTIFY\"><span style=\"font-family: 'Arial Narrow', sans-serif;\"><span style=\"font-size: large;\">La <\/span><\/span><span style=\"font-family: 'Arial Narrow', sans-serif;\"><span style=\"font-size: large;\"><b>RACC<\/b><\/span><\/span><span style=\"font-family: 'Arial Narrow', sans-serif;\"><span style=\"font-size: large;\"> est\u00e1 compuesta por Acad\u00e9micos de Honor (seis como m\u00e1ximo), Acad\u00e9micos de N\u00famero (cincuenta como m\u00e1ximo) y Acad\u00e9micos Correspondientes (cincuenta como m\u00e1ximo). Tambi\u00e9n incluye, en los nuevos Estatutos, la figura de Acad\u00e9mico Em\u00e9rito y la de Miembro Colaborador de la Academia. <\/span><\/span><\/p>\n<p align=\"JUSTIFY\"><span style=\"font-family: 'Arial Narrow', sans-serif;\"><span style=\"font-size: large;\">Los Acad\u00e9micos de N\u00famero y los Miembros Colaboradores se reparten en las cinco secciones que conforman la <\/span><\/span><span style=\"font-family: 'Arial Narrow', sans-serif;\"><span style=\"font-size: large;\"><b>RACC<\/b><\/span><\/span><span style=\"font-family: 'Arial Narrow', sans-serif;\"><span style=\"font-size: large;\">: <\/span><\/span><span style=\"font-family: 'Arial Narrow', sans-serif;\"><span style=\"font-size: large;\"><b>Qu\u00edmica<\/b><\/span><\/span><span style=\"font-family: 'Arial Narrow', sans-serif;\"><span style=\"font-size: large;\">, <\/span><\/span><span style=\"font-family: 'Arial Narrow', sans-serif;\"><span style=\"font-size: large;\"><b>Matem\u00e1ticas<\/b><\/span><\/span><span style=\"font-family: 'Arial Narrow', sans-serif;\"><span style=\"font-size: large;\">, <\/span><\/span><span style=\"font-family: 'Arial Narrow', sans-serif;\"><span style=\"font-size: large;\"><b>F\u00edsica<\/b><\/span><\/span><span style=\"font-family: 'Arial Narrow', sans-serif;\"><span style=\"font-size: large;\">, <\/span><\/span><span style=\"font-family: 'Arial Narrow', sans-serif;\"><span style=\"font-size: large;\"><b>Biolog\u00eda<\/b><\/span><\/span><span style=\"font-family: 'Arial Narrow', sans-serif;\"><span style=\"font-size: large;\">, y <\/span><\/span><span style=\"font-family: 'Arial Narrow', sans-serif;\"><span style=\"font-size: large;\"><b>Ciencias de la Tierra y del Espacio<\/b><\/span><\/span><span style=\"font-family: 'Arial Narrow', sans-serif;\"><span style=\"font-size: large;\">, siendo esta \u00faltima la de m\u00e1s reciente creaci\u00f3n.<\/span><\/span><\/p>\n<p align=\"JUSTIFY\"><span style=\"font-family: 'Arial Narrow', sans-serif;\"><span style=\"font-size: large;\">La <\/span><\/span><span style=\"font-family: 'Arial Narrow', sans-serif;\"><span style=\"font-size: large;\"><b>RACC<\/b><\/span><\/span><span style=\"font-family: 'Arial Narrow', sans-serif;\"><span style=\"font-size: large;\"> se rige por unos Estatutos, aprobados y publicados en su d\u00eda, revisados y aprobados de nuevo (ver el enlace m\u00e1s arriba), y sus \u00f3rganos de gobierno son: el <\/span><\/span><span style=\"font-family: 'Arial Narrow', sans-serif;\"><span style=\"font-size: large;\"><b>Presidente<\/b><\/span><\/span><span style=\"font-family: 'Arial Narrow', sans-serif;\"><span style=\"font-size: large;\">, el <\/span><\/span><span style=\"font-family: 'Arial Narrow', sans-serif;\"><span style=\"font-size: large;\"><b>Secretario<\/b><\/span><\/span><span style=\"font-family: 'Arial Narrow', sans-serif;\"><span style=\"font-size: large;\"> y la <\/span><\/span><span style=\"font-family: 'Arial Narrow', sans-serif;\"><span style=\"font-size: large;\"><b>Junta de Gobierno<\/b><\/span><\/span><span style=\"font-family: 'Arial Narrow', sans-serif;\"><span style=\"font-size: large;\">.<\/span><\/span><\/p>\n<p align=\"CENTER\"><span style=\"font-family: 'Arial Narrow', sans-serif;\"><span style=\"font-size: large;\"><b>Peque\u00f1a intrahistoria<\/b><\/span><\/span><\/p>\n<p align=\"JUSTIFY\"><span style=\"font-family: 'Arial Narrow', sans-serif;\"><span style=\"font-size: large;\">Desde la fundaci\u00f3n, y hasta su fallecimiento el 24 de abril de 2012 el Presidente de la <\/span><\/span><span style=\"font-family: 'Arial Narrow', sans-serif;\"><span style=\"font-size: large;\"><b>RACC<\/b><\/span><\/span><span style=\"font-family: 'Arial Narrow', sans-serif;\"><span style=\"font-size: large;\"> fue el Profesor Dr. D. N\u00e1cere Hayek Calil. <\/span><\/span><\/p>\n<p align=\"JUSTIFY\"><span style=\"font-family: 'Arial Narrow', sans-serif;\"><span style=\"font-size: large;\">Precisamente, a propuesta del Dr. Hayek, el Gobierno de Canarias nombr\u00f3 a los doce primeros miembros de esta Academia, tres por cada una de las cuatro Secciones originales: <\/span><\/span><\/p>\n<p align=\"JUSTIFY\"><span style=\"font-family: 'Arial Narrow', sans-serif;\"><span style=\"font-size: large;\"><u><b>Secci\u00f3n de Qu\u00edmica<\/b><\/u><\/span><\/span><\/p>\n<p align=\"JUSTIFY\"><span style=\"font-family: 'Arial Narrow', sans-serif;\"><span style=\"font-size: large;\">Ilmo. Sr. D. Agust\u00edn Ar\u00e9valo Medina (\u2020)<\/span><\/span><\/p>\n<p align=\"JUSTIFY\"><span style=\"font-family: 'Arial Narrow', sans-serif;\"><span style=\"font-size: large;\">Ilmo. Sr. D. Francisco Garc\u00eda Montelongo<\/span><\/span><\/p>\n<p align=\"JUSTIFY\"><span style=\"font-family: 'Arial Narrow', sans-serif;\"><span style=\"font-size: large;\">Ilmo. Sr. D. Jorge Fuentes Duchem\u00edn (\u2020) <\/span><\/span><\/p>\n<p align=\"JUSTIFY\"><span style=\"font-family: 'Arial Narrow', sans-serif;\"><span style=\"font-size: large;\"><u><b>Secci\u00f3n de Biolog\u00eda<\/b><\/u><\/span><\/span><\/p>\n<p align=\"JUSTIFY\"><span style=\"font-family: 'Arial Narrow', sans-serif;\"><span style=\"font-size: large;\">Ilmo. Sr. D. Enrique Fern\u00e1ndez Caldas (\u2020)<\/span><\/span><\/p>\n<p align=\"JUSTIFY\"><span style=\"font-family: 'Arial Narrow', sans-serif;\"><span style=\"font-size: large;\">Ilmo. Sr. D. Wolfredo Wildpret de la Torre<\/span><\/span><\/p>\n<p align=\"JUSTIFY\"><span style=\"font-family: 'Arial Narrow', sans-serif;\"><span style=\"font-size: large;\">Ilmo. Sr. D. Juan Jos\u00e9 Bacallado Ar\u00e1nega <\/span><\/span><\/p>\n<p align=\"JUSTIFY\"><span style=\"font-family: 'Arial Narrow', sans-serif;\"><span style=\"font-size: large;\"><u><b>Secci\u00f3n de Matem\u00e1ticas<\/b><\/u><\/span><\/span><\/p>\n<p align=\"JUSTIFY\"><span style=\"font-family: 'Arial Narrow', sans-serif;\"><span style=\"font-size: large;\">Ilmo. Sr. D. N\u00e1cere Hayek Calil (\u2020)<\/span><\/span><\/p>\n<p align=\"JUSTIFY\"><span style=\"font-family: 'Arial Narrow', sans-serif;\"><span style=\"font-size: large;\">Ilmo. Sr. D. Miguel S\u00e1nchez Garc\u00eda<\/span><\/span><\/p>\n<p align=\"JUSTIFY\"><span style=\"font-family: 'Arial Narrow', sans-serif;\"><span style=\"font-size: large;\">Ilmo. <\/span><\/span><span style=\"font-family: 'Arial Narrow', sans-serif;\"><span style=\"font-size: large;\"><span lang=\"fr-FR\">Sr. D. Jos\u00e9 Manuel M\u00e9ndez P\u00e9rez<\/span><\/span><\/span><\/p>\n<p align=\"JUSTIFY\"><span style=\"font-family: 'Arial Narrow', sans-serif;\"><span style=\"font-size: large;\"><u><b>Secci\u00f3n de F\u00edsica<\/b><\/u><\/span><\/span><\/p>\n<p align=\"JUSTIFY\"><span style=\"font-family: 'Arial Narrow', sans-serif;\"><span style=\"font-size: large;\">Ilmo. Sr. D. Francisco S\u00e1nchez Mart\u00ednez<\/span><\/span><\/p>\n<p align=\"JUSTIFY\"><span style=\"font-family: 'Arial Narrow', sans-serif;\"><span style=\"font-size: large;\">Ilmo. Sr. D. Roberto Moreno D\u00edaz<\/span><\/span><\/p>\n<p align=\"JUSTIFY\"><span style=\"font-family: 'Arial Narrow', sans-serif;\"><span style=\"font-size: large;\">Ilmo. Sr. D. Francisco Rubio Royo <\/span><\/span><\/p>\n<p align=\"JUSTIFY\"><span style=\"font-family: 'Arial Narrow', sans-serif;\"><span style=\"font-size: large;\">Estos doce primeros Acad\u00e9micos tomaron posesi\u00f3n conjuntamente en un acto celebrado en Santa Cruz de Tenerife el 13 de octubre de 1987 ante el Excmo. Sr. D. Enrique Fern\u00e1ndez Caldas, Consejero de Educaci\u00f3n, Cultura y Deportes del Gobierno de Canarias. En esta misma reuni\u00f3n se acord\u00f3 nombrar al Excmo. Sr. D. Antonio Gonz\u00e1lez y Gonz\u00e1lez como primer Acad\u00e9mico de Honor. <\/span><\/span><\/p>\n<p align=\"JUSTIFY\"><span style=\"font-family: 'Arial Narrow', sans-serif;\"><span style=\"font-size: large;\">Posteriormente, con ocasi\u00f3n de la Apertura del Curso 1988-89, que tuvo lugar en el Sal\u00f3n de Actos del Excmo. Ayuntamiento de Santa Cruz de Tenerife, se impusieron las medallas de la Academia y se hizo entrega de los preceptivos t\u00edtulos a los Sres. Acad\u00e9micos.<\/span><\/span><\/p>\n<p align=\"JUSTIFY\"><span style=\"font-family: 'Arial Narrow', sans-serif;\"><span style=\"font-size: large;\">La primera Junta de Gobierno estuvo constituida por el Dr. D. N\u00e1cere Hayek Calil, Presidente; el Dr. D. Roberto Moreno D\u00edaz, Vicepresidente; el Dr. D. Jorge Fuentes Duchem\u00edn, como Secretario; el Dr. D. Agust\u00edn Ar\u00e9valo Medina, Tesorero; el Dr. D. Wolfredo Wildpret de la Torre, como Vocal de la Secci\u00f3n de Secci\u00f3n de Biolog\u00eda, el Dr. D. Francisco S\u00e1nchez Mart\u00ednez como Vocal de la Secci\u00f3n de F\u00edsica, el Dr. D. Francisco Garc\u00eda Montelongo como Vocal de la Secci\u00f3n de Qu\u00edmica \u00a0y el Dr. D. Miguel S\u00e1nchez Garc\u00eda, Vocal de la Secci\u00f3n de Matem\u00e1ticas. <\/span><\/span><\/p>\n<p align=\"JUSTIFY\"><span style=\"font-family: 'Arial Narrow', sans-serif;\"><span style=\"font-size: large;\">El primer Acad\u00e9mico Em\u00e9rito fue el Ilmo. Sr. D. Agust\u00edn Ar\u00e9valo Medina.<\/span><\/span><\/p>\n<p align=\"CENTER\"><span style=\"font-family: 'Arial Narrow', sans-serif;\"><span style=\"font-size: large;\"><b>Actividades de la RACC<\/b><\/span><\/span><\/p>\n<p align=\"JUSTIFY\"><span style=\"font-family: 'Arial Narrow', sans-serif;\"><span style=\"font-size: large;\">En sus a\u00f1os de funcionamiento esta <\/span><\/span><span style=\"font-family: 'Arial Narrow', sans-serif;\"><span style=\"font-size: large;\"><b>Real Academia<\/b><\/span><\/span><span style=\"font-family: 'Arial Narrow', sans-serif;\"><span style=\"font-size: large;\"> ha venido desarrollando una intensa actividad. He aqu\u00ed un breve repaso:<\/span><\/span><\/p>\n<p align=\"JUSTIFY\"><span style=\"font-family: 'Arial Narrow', sans-serif;\"><span style=\"font-size: large;\"><b>La Revista de la RACC<\/b><\/span><\/span><\/p>\n<p align=\"JUSTIFY\"><span style=\"font-family: 'Arial Narrow', sans-serif;\"><span style=\"font-size: large;\">Es un<\/span><\/span><span style=\"font-family: 'Arial Narrow', sans-serif;\"><span style=\"font-size: large;\">a publicaci\u00f3n anual \u2013 a mediados de 2017 han aparecido ya veintisiete vol\u00famenes \u2013 revista cient\u00edfica que tiene por t\u00edtulo <\/span><\/span><span style=\"font-family: 'Arial Narrow', sans-serif;\"><span style=\"font-size: large;\"><i><b>Folia Canariensis Academiae Scientiarum<\/b><\/i><\/span><\/span><span style=\"font-family: 'Arial Narrow', sans-serif;\"><span style=\"font-size: large;\">, cuyos contenidos son principalmente de art\u00edculos de investigaci\u00f3n sobre las disciplinas de Matem\u00e1ticas, F\u00edsica, Qu\u00edmica y Biolog\u00eda, debidamente contrastados por los evaluadores correspondientes. Otras secciones contemplan trabajos relativos a la Historia y Filosof\u00eda de las Ciencias y a los de Divulgaci\u00f3n Cient\u00edfica. Un \u00faltimo apartado recoge, de forma resumida, todas las actividades que anualmente lleva a cabo la <\/span><\/span><span style=\"font-family: 'Arial Narrow', sans-serif;\"><span style=\"font-size: large;\"><b>Academia, <\/b><\/span><\/span><span style=\"font-family: 'Arial Narrow', sans-serif;\"><span style=\"font-size: large;\">bajo el t\u00edtulo de Vida Acad\u00e9mica. Se recogen los discursos de ingreso de los nuevos acad\u00e9micos electos, as\u00ed como los de contestaci\u00f3n por el Acad\u00e9mico de N\u00famero designado para tal fin y los de apertura del curso acad\u00e9mico. <\/span><\/span><\/p>\n<p align=\"JUSTIFY\"><span style=\"font-family: 'Arial Narrow', sans-serif;\"><span style=\"font-size: large;\">La revista se intercambia con m\u00e1s de cien publicaciones de otras academias, universidades y centros de investigaci\u00f3n nacionales y extranjeros, lo que supone una notable entrada de revistas especializadas para el colectivo cient\u00edfico canario.<\/span><\/span><\/p>\n<p align=\"JUSTIFY\"><span style=\"font-family: 'Arial Narrow', sans-serif;\"><span style=\"font-size: large;\"><b>Cursos, seminarios, conferencias<\/b><\/span><\/span><\/p>\n<p align=\"JUSTIFY\"><span style=\"font-family: 'Arial Narrow', sans-serif;\"><span style=\"font-size: large;\">Se organizan cursillos, seminarios y conferencias a lo largo del a\u00f1o, encomendadas a figuras de reconocido prestigio cient\u00edfico en los diferentes campos de actuaci\u00f3n de la <\/span><\/span><span style=\"font-family: 'Arial Narrow', sans-serif;\"><span style=\"font-size: large;\"><b>Academia<\/b><\/span><\/span><span style=\"font-family: 'Arial Narrow', sans-serif;\"><span style=\"font-size: large;\">, desarrollados en una serie de actos acad\u00e9micos en las dos capitales canarias (Santa Cruz de Tenerife y Las Palmas de Gran Canaria) as\u00ed como en el resto del Archipi\u00e9lago.<\/span><\/span><\/p>\n<p align=\"JUSTIFY\"><span style=\"font-family: 'Arial Narrow', sans-serif;\"><span style=\"font-size: large;\"><b>Congresos y simposios<\/b><\/span><\/span><\/p>\n<p align=\"JUSTIFY\"><span style=\"font-family: 'Arial Narrow', sans-serif;\"><span style=\"font-size: large;\">La <\/span><\/span><span style=\"font-family: 'Arial Narrow', sans-serif;\"><span style=\"font-size: large;\"><b>Academia<\/b><\/span><\/span><span style=\"font-family: 'Arial Narrow', sans-serif;\"><span style=\"font-size: large;\"> colabora en la realizaci\u00f3n de congresos y simposios nacionales e internacionales, que se vienen celebrando en las Islas y que est\u00e1n relacionados con las \u00e1reas de nuestras actividades.<\/span><\/span><\/p>\n<p align=\"JUSTIFY\"><span style=\"font-family: 'Arial Narrow', sans-serif;\"><span style=\"font-size: large;\"><b>Asesor\u00eda en Ciencia, Tecnolog\u00eda e Innovaci\u00f3n<\/b><\/span><\/span><\/p>\n<p align=\"JUSTIFY\"><span style=\"font-family: 'Arial Narrow', sans-serif;\"><span style=\"font-size: large;\">La <\/span><\/span><span style=\"font-family: 'Arial Narrow', sans-serif;\"><span style=\"font-size: large;\"><b>Academia <\/b><\/span><\/span><span style=\"font-family: 'Arial Narrow', sans-serif;\"><span style=\"font-size: large;\">act\u00faa <\/span><\/span><span style=\"font-family: 'Arial Narrow', sans-serif;\"><span style=\"font-size: large;\">como miembro del Consejo Asesor de Ciencia, Tecnolog\u00eda e Innovaci\u00f3n de la Comunidad Aut\u00f3noma Canaria.<\/span><\/span><\/p>\n","protected":false},"excerpt":{"rendered":"<p>LA REAL ACADEMIA CANARIA DE CIENCIAS Marco Legal La Academia Canaria de Ciencias fue creada el 24 de abril de 1987 por decreto del Gobierno de Canarias (N\u00ba 65\/1987 de 24 de abril de 1987, BOC n\u00fam. 76, de 12 de junio de 1987), modificado por el Decreto 117\/2013 (BOC n\u00fam. 25, de 31 de [&hellip;]<\/p>\n","protected":false},"author":1,"featured_media":0,"parent":0,"menu_order":0,"comment_status":"open","ping_status":"open","template":"","meta":{"footnotes":""},"class_list":["post-264","page","type-page","status-publish","hentry"],"_links":{"self":[{"href":"http:\/\/rac-ciencias.org\/wp\/index.php?rest_route=\/wp\/v2\/pages\/264","targetHints":{"allow":["GET"]}}],"collection":[{"href":"http:\/\/rac-ciencias.org\/wp\/index.php?rest_route=\/wp\/v2\/pages"}],"about":[{"href":"http:\/\/rac-ciencias.org\/wp\/index.php?rest_route=\/wp\/v2\/types\/page"}],"author":[{"embeddable":true,"href":"http:\/\/rac-ciencias.org\/wp\/index.php?rest_route=\/wp\/v2\/users\/1"}],"replies":[{"embeddable":true,"href":"http:\/\/rac-ciencias.org\/wp\/index.php?rest_route=%2Fwp%2Fv2%2Fcomments&post=264"}],"version-history":[{"count":8,"href":"http:\/\/rac-ciencias.org\/wp\/index.php?rest_route=\/wp\/v2\/pages\/264\/revisions"}],"predecessor-version":[{"id":2110,"href":"http:\/\/rac-ciencias.org\/wp\/index.php?rest_route=\/wp\/v2\/pages\/264\/revisions\/2110"}],"wp:attachment":[{"href":"http:\/\/rac-ciencias.org\/wp\/index.php?rest_route=%2Fwp%2Fv2%2Fmedia&parent=264"}],"curies":[{"name":"wp","href":"https:\/\/api.w.org\/{rel}","templated":true}]}}